{"id":132,"date":"2019-05-14T22:39:02","date_gmt":"2019-05-14T22:39:02","guid":{"rendered":"http:\/\/sw-themes.com\/porto_dummy\/?page_id=132"},"modified":"2021-05-11T11:32:40","modified_gmt":"2021-05-11T11:32:40","slug":"blog","status":"publish","type":"page","link":"https:\/\/menarilifecoach.com\/index.php\/blog\/","title":{"rendered":"Blog"},"content":{"rendered":"\t\t<div data-elementor-type=\"wp-page\" data-elementor-id=\"132\" class=\"elementor elementor-132\" data-elementor-settings=\"[]\">\n\t\t\t\t\t\t\t<div class=\"elementor-section-wrap\">\n\t\t\t\t\t\t\t<section class=\"elementor-section elementor-top-section elementor-element elementor-element-5976dd0 elementor-section-boxed elementor-section-height-default elementor-section-height-default\" data-id=\"5976dd0\" data-element_type=\"section\">\r\n\t\t\t\r\n\t\t\t\t\t\t\t\t\t<div class=\"elementor-container elementor-column-gap-default\">\r\n\t\t\t\t\t\t\t\t\t\t\t<div class=\"elementor-column elementor-col-100 elementor-top-column elementor-element elementor-element-0ae3841\" data-id=\"0ae3841\" data-element_type=\"column\">\n\t\t\t<div class=\"elementor-widget-wrap elementor-element-populated\">\n\t\t\t\t\t\t\t\t<div class=\"elementor-element elementor-element-a83cf5f elementor-widget elementor-widget-porto_blog\" data-id=\"a83cf5f\" data-element_type=\"widget\" data-widget_type=\"porto_blog.default\">\n\t\t\t\t<div class=\"elementor-widget-container\">\n\t\t\t<div id=\"porto-blog-8064\" class=\"porto-blog wpb_content_element \">\n\t\t<div class=\"blog-posts posts-timeline\">\n\t\t\t<section class=\"timeline\">\n\t\t\t\t<div class=\"timeline-body\">\n\n\t\t\t<div class=\"timeline-date\"><h3>mayo 2022<\/h3><\/div>\n\t<article class=\"timeline-box left post-title-simple post-916 post type-post status-publish format-standard has-post-thumbnail hentry category-desarrollo-personal\">\n\t\t\t<div class=\"post-image single\">\n\t\t<div class=\"post-slideshow porto-carousel owl-carousel nav-inside nav-inside-center nav-style-2 show-nav-hover has-ccols ccols-1\" data-plugin-options='{\"nav\":true}'>\n\t\t\t\t\t\t\t\t\t\t\t<a href=\"https:\/\/menarilifecoach.com\/index.php\/2022\/05\/30\/el-desarrollo-personal\/\">\n\t\t\t\t\t\t\t\t<div class=\"img-thumbnail\">\n\t\t\t\t\t\t<img width=\"464\" height=\"645\" src=\"https:\/\/menarilifecoach.com\/wp-content\/uploads\/2022\/05\/IMG-20220412-WA0002-1.jpg\" class=\"owl-lazy img-responsive\" alt=\"\" loading=\"lazy\" srcset=\"https:\/\/menarilifecoach.com\/wp-content\/uploads\/2022\/05\/IMG-20220412-WA0002-1.jpg 464w, https:\/\/menarilifecoach.com\/wp-content\/uploads\/2022\/05\/IMG-20220412-WA0002-1-400x556.jpg 400w\" sizes=\"(max-width: 464px) 100vw, 464px\" \/>\t\t\t\t\t\t\t\t\t\t\t\t\t<span class=\"zoom\" data-src=\"https:\/\/menarilifecoach.com\/wp-content\/uploads\/2022\/05\/IMG-20220412-WA0002-1.jpg\" data-title=\"\"><i class=\"fas fa-search\"><\/i><\/span>\n\t\t\t\t\t\t\t\t\t\t\t<\/div>\n\t\t\t\t\t\t\t\t<\/a>\n\t\t\t\t\t\t\t\t<\/div>\n\t\t\n\t\t\t<\/div>\n\n\t\t<!-- Post meta before content -->\n\t\t\t\n\t\t\t<div class=\"post-content\">\n\t\t\t\t<h4 class=\"entry-title\"><a href=\"https:\/\/menarilifecoach.com\/index.php\/2022\/05\/30\/el-desarrollo-personal\/\">El desarrollo personal<\/a><\/h4>\n\t\t\t\t<span class=\"vcard\" style=\"display: none;\"><span class=\"fn\"><a href=\"https:\/\/menarilifecoach.com\/index.php\/author\/adminjavi\/\" title=\"Entradas de adminJavi\" rel=\"author\">adminJavi<\/a><\/span><\/span><span class=\"updated\" style=\"display:none\">2022-05-30T08:40:24+00:00<\/span><p class=\"post-excerpt\">\u00a0El desarrollo personal se basa en\u00a0\u00a0aprender\u00a0 actividades que impulsan el desarrollo de tus habilidades personales, h\u00e1bitos y forma de pensar adecuadas como medio para mejorar la calidad de vida, y contribuir a la realizaci\u00f3n de sue\u00f1os y aspiraciones.\r\n\r\nPara mi vivir, crecer, actuar y pensar en congruencia con mis valores,\u00a0...<\/p>\n\t\t\t\t\n\t\t\t<\/div>\n\n\t\t\t<!-- Post meta after content -->\n\t\t\t\t<div class=\"post-meta\"><span class=\"meta-date\"><i class=\"far fa-calendar-alt\"><\/i>mayo 30, 2022<\/span><\/div><div class=\"post-meta\"><\/div>\n\t\t\t<div class=\"clearfix\">\n\t\t\t\t<a class=\"btn btn-xs btn-default text-xs text-uppercase\" href=\"https:\/\/menarilifecoach.com\/index.php\/2022\/05\/30\/el-desarrollo-personal\/\">Read more...<\/a>\n\t\t\t<\/div>\n\t\t\t<\/article>\n\t<article class=\"timeline-box right post-title-simple post-906 post type-post status-publish format-standard has-post-thumbnail hentry category-councellor\">\n\t\t\t<div class=\"post-image single\">\n\t\t<div class=\"post-slideshow porto-carousel owl-carousel nav-inside nav-inside-center nav-style-2 show-nav-hover has-ccols ccols-1\" data-plugin-options='{\"nav\":true}'>\n\t\t\t\t\t\t\t\t\t\t\t<a href=\"https:\/\/menarilifecoach.com\/index.php\/2022\/04\/20\/ama-rie-vive-suena\/\">\n\t\t\t\t\t\t\t\t<div class=\"img-thumbnail\">\n\t\t\t\t\t\t<img width=\"464\" height=\"645\" src=\"https:\/\/menarilifecoach.com\/wp-content\/uploads\/2022\/04\/IMG-20220412-WA0002.jpg\" class=\"owl-lazy img-responsive\" alt=\"\" loading=\"lazy\" srcset=\"https:\/\/menarilifecoach.com\/wp-content\/uploads\/2022\/04\/IMG-20220412-WA0002.jpg 464w, https:\/\/menarilifecoach.com\/wp-content\/uploads\/2022\/04\/IMG-20220412-WA0002-400x556.jpg 400w\" sizes=\"(max-width: 464px) 100vw, 464px\" \/>\t\t\t\t\t\t\t\t\t\t\t\t\t<span class=\"zoom\" data-src=\"https:\/\/menarilifecoach.com\/wp-content\/uploads\/2022\/04\/IMG-20220412-WA0002.jpg\" data-title=\"\"><i class=\"fas fa-search\"><\/i><\/span>\n\t\t\t\t\t\t\t\t\t\t\t<\/div>\n\t\t\t\t\t\t\t\t<\/a>\n\t\t\t\t\t\t\t\t<\/div>\n\t\t\n\t\t\t<\/div>\n\n\t\t<!-- Post meta before content -->\n\t\t\t\n\t\t\t<div class=\"post-content\">\n\t\t\t\t<h4 class=\"entry-title\"><a href=\"https:\/\/menarilifecoach.com\/index.php\/2022\/04\/20\/ama-rie-vive-suena\/\">Ama, R\u00ede, Vive &#038; Sue\u00f1a<\/a><\/h4>\n\t\t\t\t<span class=\"vcard\" style=\"display: none;\"><span class=\"fn\"><a href=\"https:\/\/menarilifecoach.com\/index.php\/author\/adminjavi\/\" title=\"Entradas de adminJavi\" rel=\"author\">adminJavi<\/a><\/span><\/span><span class=\"updated\" style=\"display:none\">2022-04-20T09:00:27+00:00<\/span><p class=\"post-excerpt\">\u00a0El desarrollo personal se basa en\u00a0\u00a0aprender\u00a0 actividades que impulsan el desarrollo de tus habilidades personales, h\u00e1bitos y forma de pensar adecuadas como medio para mejorar la calidad de vida, y contribuir a la realizaci\u00f3n de sue\u00f1os y aspiraciones.\r\n\r\nPara mi vivir, crecer, actuar y pensar en congruencia con mis valores,\u00a0...<\/p>\n\t\t\t\t\n\t\t\t<\/div>\n\n\t\t\t<!-- Post meta after content -->\n\t\t\t\t<div class=\"post-meta\"><span class=\"meta-date\"><i class=\"far fa-calendar-alt\"><\/i>abril 20, 2022<\/span><\/div><div class=\"post-meta\"><\/div>\n\t\t\t<div class=\"clearfix\">\n\t\t\t\t<a class=\"btn btn-xs btn-default text-xs text-uppercase\" href=\"https:\/\/menarilifecoach.com\/index.php\/2022\/04\/20\/ama-rie-vive-suena\/\">Read more...<\/a>\n\t\t\t<\/div>\n\t\t\t<\/article>\n\t<article class=\"timeline-box left post-title-simple post-902 post type-post status-publish format-standard has-post-thumbnail hentry category-councellor\">\n\t\t\t<div class=\"post-image single\">\n\t\t<div class=\"post-slideshow porto-carousel owl-carousel nav-inside nav-inside-center nav-style-2 show-nav-hover has-ccols ccols-1\" data-plugin-options='{\"nav\":true}'>\n\t\t\t\t\t\t\t\t\t\t\t<a href=\"https:\/\/menarilifecoach.com\/index.php\/2022\/03\/30\/la-alegria-una-mejora-para-comenzar-a-vivir\/\">\n\t\t\t\t\t\t\t\t<div class=\"img-thumbnail\">\n\t\t\t\t\t\t<img width=\"640\" height=\"386\" src=\"https:\/\/menarilifecoach.com\/wp-content\/uploads\/2022\/03\/family-780x470-1-640x386.jpg\" class=\"owl-lazy img-responsive\" alt=\"\" loading=\"lazy\" srcset=\"https:\/\/menarilifecoach.com\/wp-content\/uploads\/2022\/03\/family-780x470-1-640x386.jpg 640w, https:\/\/menarilifecoach.com\/wp-content\/uploads\/2022\/03\/family-780x470-1-400x241.jpg 400w\" sizes=\"(max-width: 640px) 100vw, 640px\" \/>\t\t\t\t\t\t\t\t\t\t\t\t\t<span class=\"zoom\" data-src=\"https:\/\/menarilifecoach.com\/wp-content\/uploads\/2022\/03\/family-780x470-1.jpg\" data-title=\"\"><i class=\"fas fa-search\"><\/i><\/span>\n\t\t\t\t\t\t\t\t\t\t\t<\/div>\n\t\t\t\t\t\t\t\t<\/a>\n\t\t\t\t\t\t\t\t<\/div>\n\t\t\n\t\t\t<\/div>\n\n\t\t<!-- Post meta before content -->\n\t\t\t\n\t\t\t<div class=\"post-content\">\n\t\t\t\t<h4 class=\"entry-title\"><a href=\"https:\/\/menarilifecoach.com\/index.php\/2022\/03\/30\/la-alegria-una-mejora-para-comenzar-a-vivir\/\">\u201cLa Alegr\u00eda\u201d. Una mejora para comenzar a vivir.<\/a><\/h4>\n\t\t\t\t<span class=\"vcard\" style=\"display: none;\"><span class=\"fn\"><a href=\"https:\/\/menarilifecoach.com\/index.php\/author\/adminjavi\/\" title=\"Entradas de adminJavi\" rel=\"author\">adminJavi<\/a><\/span><\/span><span class=\"updated\" style=\"display:none\">2022-03-30T08:51:29+00:00<\/span><p class=\"post-excerpt\">Hola, algunos de ustedes ya me conocen, para los que no, me llamo Lilly, por naturaleza soy feliz\u2026 en este parch\u00eds de la vida, soy la tercera hija de 6 hermanos, nac\u00ed en el pa\u00eds catalogado el m\u00e1s feliz del mundo\u2026 Costa Rica (pero esta no es la clave),crec\u00ed...<\/p>\n\t\t\t\t\n\t\t\t<\/div>\n\n\t\t\t<!-- Post meta after content -->\n\t\t\t\t<div class=\"post-meta\"><span class=\"meta-date\"><i class=\"far fa-calendar-alt\"><\/i>marzo 30, 2022<\/span><\/div><div class=\"post-meta\"><\/div>\n\t\t\t<div class=\"clearfix\">\n\t\t\t\t<a class=\"btn btn-xs btn-default text-xs text-uppercase\" href=\"https:\/\/menarilifecoach.com\/index.php\/2022\/03\/30\/la-alegria-una-mejora-para-comenzar-a-vivir\/\">Read more...<\/a>\n\t\t\t<\/div>\n\t\t\t<\/article>\n\t<div class=\"timeline-date\"><h3>octubre 2021<\/h3><\/div>\n\t<article class=\"timeline-box left post-title-simple post-836 post type-post status-publish format-standard has-post-thumbnail hentry category-councellor\">\n\t\t\t<div class=\"post-image single\">\n\t\t<div class=\"post-slideshow porto-carousel owl-carousel nav-inside nav-inside-center nav-style-2 show-nav-hover has-ccols ccols-1\" data-plugin-options='{\"nav\":true}'>\n\t\t\t\t\t\t\t\t\t\t\t<a href=\"https:\/\/menarilifecoach.com\/index.php\/2021\/10\/07\/mary-carmen-garcia-balmaseda-grupo-asv-espana\/\">\n\t\t\t\t\t\t\t\t<div class=\"img-thumbnail\">\n\t\t\t\t\t\t<img width=\"640\" height=\"386\" src=\"https:\/\/menarilifecoach.com\/wp-content\/uploads\/2021\/10\/nota-4-780x470-1-640x386.jpg\" class=\"owl-lazy img-responsive\" alt=\"\" loading=\"lazy\" srcset=\"https:\/\/menarilifecoach.com\/wp-content\/uploads\/2021\/10\/nota-4-780x470-1-640x386.jpg 640w, https:\/\/menarilifecoach.com\/wp-content\/uploads\/2021\/10\/nota-4-780x470-1-400x241.jpg 400w\" sizes=\"(max-width: 640px) 100vw, 640px\" \/>\t\t\t\t\t\t\t\t\t\t\t\t\t<span class=\"zoom\" data-src=\"https:\/\/menarilifecoach.com\/wp-content\/uploads\/2021\/10\/nota-4-780x470-1.jpg\" data-title=\"\"><i class=\"fas fa-search\"><\/i><\/span>\n\t\t\t\t\t\t\t\t\t\t\t<\/div>\n\t\t\t\t\t\t\t\t<\/a>\n\t\t\t\t\t\t\t\t<\/div>\n\t\t\n\t\t\t<\/div>\n\n\t\t<!-- Post meta before content -->\n\t\t\t\n\t\t\t<div class=\"post-content\">\n\t\t\t\t<h4 class=\"entry-title\"><a href=\"https:\/\/menarilifecoach.com\/index.php\/2021\/10\/07\/mary-carmen-garcia-balmaseda-grupo-asv-espana\/\">Mary Carmen Garc\u00eda Balmaseda \u2013 Grupo ASV \u2013 Espa\u00f1a<\/a><\/h4>\n\t\t\t\t<span class=\"vcard\" style=\"display: none;\"><span class=\"fn\"><a href=\"https:\/\/menarilifecoach.com\/index.php\/author\/adminjavi\/\" title=\"Entradas de adminJavi\" rel=\"author\">adminJavi<\/a><\/span><\/span><span class=\"updated\" style=\"display:none\">2021-10-07T09:35:08+00:00<\/span><p class=\"post-excerpt\">Muchos de vosotros en Latinoam\u00e9rica y en Europa hab\u00e9is o\u00eddo hablar del GRUPO ASV, una organizaci\u00f3n de empresas de servicios principalmente vinculada a los negocios de transporte sanitario, seguros y servicios funerarios.\r\n\r\nLlevan en su haber m\u00e1s de 90 a\u00f1os de trayectoria y 1800 trabajadores, convirti\u00e9ndoles en una de las...<\/p>\n\t\t\t\t\n\t\t\t<\/div>\n\n\t\t\t<!-- Post meta after content -->\n\t\t\t\t<div class=\"post-meta\"><span class=\"meta-date\"><i class=\"far fa-calendar-alt\"><\/i>octubre 7, 2021<\/span><\/div><div class=\"post-meta\"><\/div>\n\t\t\t<div class=\"clearfix\">\n\t\t\t\t<a class=\"btn btn-xs btn-default text-xs text-uppercase\" href=\"https:\/\/menarilifecoach.com\/index.php\/2021\/10\/07\/mary-carmen-garcia-balmaseda-grupo-asv-espana\/\">Read more...<\/a>\n\t\t\t<\/div>\n\t\t\t<\/article>\n\t<article class=\"timeline-box right post-title-simple post-803 post type-post status-publish format-standard has-post-thumbnail hentry category-councellor\">\n\t\t\t<div class=\"post-image single\">\n\t\t<div class=\"post-slideshow porto-carousel owl-carousel nav-inside nav-inside-center nav-style-2 show-nav-hover has-ccols ccols-1\" data-plugin-options='{\"nav\":true}'>\n\t\t\t\t\t\t\t\t\t\t\t<a href=\"https:\/\/menarilifecoach.com\/index.php\/2021\/10\/06\/como-surge-menarilifecoach\/\">\n\t\t\t\t\t\t\t\t<div class=\"img-thumbnail\">\n\t\t\t\t\t\t<img width=\"640\" height=\"427\" src=\"https:\/\/menarilifecoach.com\/wp-content\/uploads\/2021\/07\/1626257438464-640x427.jpg\" class=\"owl-lazy img-responsive\" alt=\"\" loading=\"lazy\" srcset=\"https:\/\/menarilifecoach.com\/wp-content\/uploads\/2021\/07\/1626257438464-640x427.jpg 640w, https:\/\/menarilifecoach.com\/wp-content\/uploads\/2021\/07\/1626257438464-400x267.jpg 400w\" sizes=\"(max-width: 640px) 100vw, 640px\" \/>\t\t\t\t\t\t\t\t\t\t\t\t\t<span class=\"zoom\" data-src=\"https:\/\/menarilifecoach.com\/wp-content\/uploads\/2021\/07\/1626257438464.jpg\" data-title=\"\"><i class=\"fas fa-search\"><\/i><\/span>\n\t\t\t\t\t\t\t\t\t\t\t<\/div>\n\t\t\t\t\t\t\t\t<\/a>\n\t\t\t\t\t\t\t\t<\/div>\n\t\t\n\t\t\t<\/div>\n\n\t\t<!-- Post meta before content -->\n\t\t\t\n\t\t\t<div class=\"post-content\">\n\t\t\t\t<h4 class=\"entry-title\"><a href=\"https:\/\/menarilifecoach.com\/index.php\/2021\/10\/06\/como-surge-menarilifecoach\/\">C\u00f3mo surge menarilifecoach<\/a><\/h4>\n\t\t\t\t<span class=\"vcard\" style=\"display: none;\"><span class=\"fn\"><a href=\"https:\/\/menarilifecoach.com\/index.php\/author\/adminjavi\/\" title=\"Entradas de adminJavi\" rel=\"author\">adminJavi<\/a><\/span><\/span><span class=\"updated\" style=\"display:none\">2021-10-06T16:50:24+00:00<\/span><p class=\"post-excerpt\">Hace 4 a\u00f1os lleg\u00f3 un a mis manos un libro que despert\u00f3 mi esencia, una l\u00ednea llamo mi atenci\u00f3n...\"un camino de autodescubrimiento\" esa era la frase que estaba justo debajo del t\u00edtulo, al que hoy doy las gracias por la persona que soy.\r\n\r\nEra el 2018, y en esos d\u00edas...<\/p>\n\t\t\t\t\n\t\t\t<\/div>\n\n\t\t\t<!-- Post meta after content -->\n\t\t\t\t<div class=\"post-meta\"><span class=\"meta-date\"><i class=\"far fa-calendar-alt\"><\/i>octubre 6, 2021<\/span><\/div><div class=\"post-meta\"><\/div>\n\t\t\t<div class=\"clearfix\">\n\t\t\t\t<a class=\"btn btn-xs btn-default text-xs text-uppercase\" href=\"https:\/\/menarilifecoach.com\/index.php\/2021\/10\/06\/como-surge-menarilifecoach\/\">Read more...<\/a>\n\t\t\t<\/div>\n\t\t\t<\/article>\n\t<article class=\"timeline-box left post-title-simple post-706 post type-post status-publish format-standard has-post-thumbnail hentry category-councellor\">\n\t\t\t<div class=\"post-image single\">\n\t\t<div class=\"post-slideshow porto-carousel owl-carousel nav-inside nav-inside-center nav-style-2 show-nav-hover has-ccols ccols-1\" data-plugin-options='{\"nav\":true}'>\n\t\t\t\t\t\t\t\t\t\t\t<a href=\"https:\/\/menarilifecoach.com\/index.php\/2021\/07\/28\/tipos-de-lideres-lideres-y-resultados\/\">\n\t\t\t\t\t\t\t\t<div class=\"img-thumbnail\">\n\t\t\t\t\t\t<img width=\"640\" height=\"427\" src=\"https:\/\/menarilifecoach.com\/wp-content\/uploads\/2021\/07\/female-executive-manager-team-640x427.jpg\" class=\"owl-lazy img-responsive\" alt=\"\" loading=\"lazy\" srcset=\"https:\/\/menarilifecoach.com\/wp-content\/uploads\/2021\/07\/female-executive-manager-team-640x427.jpg 640w, https:\/\/menarilifecoach.com\/wp-content\/uploads\/2021\/07\/female-executive-manager-team-400x267.jpg 400w\" sizes=\"(max-width: 640px) 100vw, 640px\" \/>\t\t\t\t\t\t\t\t\t\t\t\t\t<span class=\"zoom\" data-src=\"https:\/\/menarilifecoach.com\/wp-content\/uploads\/2021\/07\/female-executive-manager-team.jpg\" data-title=\"\"><i class=\"fas fa-search\"><\/i><\/span>\n\t\t\t\t\t\t\t\t\t\t\t<\/div>\n\t\t\t\t\t\t\t\t<\/a>\n\t\t\t\t\t\t\t\t<\/div>\n\t\t\n\t\t\t<\/div>\n\n\t\t<!-- Post meta before content -->\n\t\t\t\n\t\t\t<div class=\"post-content\">\n\t\t\t\t<h4 class=\"entry-title\"><a href=\"https:\/\/menarilifecoach.com\/index.php\/2021\/07\/28\/tipos-de-lideres-lideres-y-resultados\/\">TIPOS DE LIDERES \u2013 LIDERES Y RESULTADOS<\/a><\/h4>\n\t\t\t\t<span class=\"vcard\" style=\"display: none;\"><span class=\"fn\"><a href=\"https:\/\/menarilifecoach.com\/index.php\/author\/adminjavi\/\" title=\"Entradas de adminJavi\" rel=\"author\">adminJavi<\/a><\/span><\/span><span class=\"updated\" style=\"display:none\">2021-07-28T07:49:12+00:00<\/span><p class=\"post-excerpt\">\u00bfQu\u00e9 es un l\u00edder?\r\n\r\nLa palabra l\u00edder viene del ingl\u00e9s leader. Se define a los l\u00edderes como personas capaces de guiar e influir a otras personas o grupos de personas, y que \u00e9stos adem\u00e1s lo reconozcan como tal.\r\n\r\nHay quienes clasifican a los l\u00edderes seg\u00fan ciertas caracter\u00edsticas que poseen. En primer...<\/p>\n\t\t\t\t\n\t\t\t<\/div>\n\n\t\t\t<!-- Post meta after content -->\n\t\t\t\t<div class=\"post-meta\"><span class=\"meta-date\"><i class=\"far fa-calendar-alt\"><\/i>julio 28, 2021<\/span><\/div><div class=\"post-meta\"><\/div>\n\t\t\t<div class=\"clearfix\">\n\t\t\t\t<a class=\"btn btn-xs btn-default text-xs text-uppercase\" href=\"https:\/\/menarilifecoach.com\/index.php\/2021\/07\/28\/tipos-de-lideres-lideres-y-resultados\/\">Read more...<\/a>\n\t\t\t<\/div>\n\t\t\t<\/article>\n\t<article class=\"timeline-box right post-title-simple post-473 post type-post status-publish format-standard has-post-thumbnail hentry category-councellor\">\n\t\t\t<div class=\"post-image single\">\n\t\t<div class=\"post-slideshow porto-carousel owl-carousel nav-inside nav-inside-center nav-style-2 show-nav-hover has-ccols ccols-1\" data-plugin-options='{\"nav\":true}'>\n\t\t\t\t\t\t\t\t\t\t\t<a href=\"https:\/\/menarilifecoach.com\/index.php\/2021\/05\/11\/la-importancia-de-la-inteligencia-emocional-en-el-sector-funerario\/\">\n\t\t\t\t\t\t\t\t<div class=\"img-thumbnail\">\n\t\t\t\t\t\t<img width=\"640\" height=\"386\" src=\"https:\/\/menarilifecoach.com\/wp-content\/uploads\/2021\/05\/heart-4682756-780x470-1-640x386.jpg\" class=\"owl-lazy img-responsive\" alt=\"\" loading=\"lazy\" srcset=\"https:\/\/menarilifecoach.com\/wp-content\/uploads\/2021\/05\/heart-4682756-780x470-1-640x386.jpg 640w, https:\/\/menarilifecoach.com\/wp-content\/uploads\/2021\/05\/heart-4682756-780x470-1-400x241.jpg 400w\" sizes=\"(max-width: 640px) 100vw, 640px\" \/>\t\t\t\t\t\t\t\t\t\t\t\t\t<span class=\"zoom\" data-src=\"https:\/\/menarilifecoach.com\/wp-content\/uploads\/2021\/05\/heart-4682756-780x470-1.jpg\" data-title=\"\"><i class=\"fas fa-search\"><\/i><\/span>\n\t\t\t\t\t\t\t\t\t\t\t<\/div>\n\t\t\t\t\t\t\t\t<\/a>\n\t\t\t\t\t\t\t\t<\/div>\n\t\t\n\t\t\t<\/div>\n\n\t\t<!-- Post meta before content -->\n\t\t\t\n\t\t\t<div class=\"post-content\">\n\t\t\t\t<h4 class=\"entry-title\"><a href=\"https:\/\/menarilifecoach.com\/index.php\/2021\/05\/11\/la-importancia-de-la-inteligencia-emocional-en-el-sector-funerario\/\">La importancia de la Inteligencia emocional en el sector funerario.<\/a><\/h4>\n\t\t\t\t<span class=\"vcard\" style=\"display: none;\"><span class=\"fn\"><a href=\"https:\/\/menarilifecoach.com\/index.php\/author\/adminjavi\/\" title=\"Entradas de adminJavi\" rel=\"author\">adminJavi<\/a><\/span><\/span><span class=\"updated\" style=\"display:none\">2021-05-11T11:26:39+00:00<\/span><p class=\"post-excerpt\">Algunos de ustedes os sentir\u00e9is\u00a0 familiarizados al escuchar el termino\u00a0Inteligencia Emocional, pues para aquellos que no hoy yo les quiero explicar un poquito en qu\u00e9 consiste la inteligencia emocional y lo importante que \u00e9sta es para el sector funerario. Primero haremos un peque\u00f1o viaje a la historia de \u00e9sta...<\/p>\n\t\t\t\t\n\t\t\t<\/div>\n\n\t\t\t<!-- Post meta after content -->\n\t\t\t\t<div class=\"post-meta\"><span class=\"meta-date\"><i class=\"far fa-calendar-alt\"><\/i>mayo 11, 2021<\/span><\/div><div class=\"post-meta\"><\/div>\n\t\t\t<div class=\"clearfix\">\n\t\t\t\t<a class=\"btn btn-xs btn-default text-xs text-uppercase\" href=\"https:\/\/menarilifecoach.com\/index.php\/2021\/05\/11\/la-importancia-de-la-inteligencia-emocional-en-el-sector-funerario\/\">Read more...<\/a>\n\t\t\t<\/div>\n\t\t\t<\/article>\n\t<article class=\"timeline-box left post-title-simple post-470 post type-post status-publish format-standard has-post-thumbnail hentry category-councellor\">\n\t\t\t<div class=\"post-image single\">\n\t\t<div class=\"post-slideshow porto-carousel owl-carousel nav-inside nav-inside-center nav-style-2 show-nav-hover has-ccols ccols-1\" data-plugin-options='{\"nav\":true}'>\n\t\t\t\t\t\t\t\t\t\t\t<a href=\"https:\/\/menarilifecoach.com\/index.php\/2021\/05\/11\/un-dia-cualquiera-la-vida-nos-ha-cambiado\/\">\n\t\t\t\t\t\t\t\t<div class=\"img-thumbnail\">\n\t\t\t\t\t\t<img width=\"640\" height=\"386\" src=\"https:\/\/menarilifecoach.com\/wp-content\/uploads\/2021\/05\/UN-DIA-CUALQUIERA-780x470-1-640x386.jpg\" class=\"owl-lazy img-responsive\" alt=\"\" loading=\"lazy\" srcset=\"https:\/\/menarilifecoach.com\/wp-content\/uploads\/2021\/05\/UN-DIA-CUALQUIERA-780x470-1-640x386.jpg 640w, https:\/\/menarilifecoach.com\/wp-content\/uploads\/2021\/05\/UN-DIA-CUALQUIERA-780x470-1-400x241.jpg 400w\" sizes=\"(max-width: 640px) 100vw, 640px\" \/>\t\t\t\t\t\t\t\t\t\t\t\t\t<span class=\"zoom\" data-src=\"https:\/\/menarilifecoach.com\/wp-content\/uploads\/2021\/05\/UN-DIA-CUALQUIERA-780x470-1.jpg\" data-title=\"\"><i class=\"fas fa-search\"><\/i><\/span>\n\t\t\t\t\t\t\t\t\t\t\t<\/div>\n\t\t\t\t\t\t\t\t<\/a>\n\t\t\t\t\t\t\t\t<\/div>\n\t\t\n\t\t\t<\/div>\n\n\t\t<!-- Post meta before content -->\n\t\t\t\n\t\t\t<div class=\"post-content\">\n\t\t\t\t<h4 class=\"entry-title\"><a href=\"https:\/\/menarilifecoach.com\/index.php\/2021\/05\/11\/un-dia-cualquiera-la-vida-nos-ha-cambiado\/\">Un d\u00eda cualquiera, la vida nos ha cambiado<\/a><\/h4>\n\t\t\t\t<span class=\"vcard\" style=\"display: none;\"><span class=\"fn\"><a href=\"https:\/\/menarilifecoach.com\/index.php\/author\/adminjavi\/\" title=\"Entradas de adminJavi\" rel=\"author\">adminJavi<\/a><\/span><\/span><span class=\"updated\" style=\"display:none\">2021-05-11T11:25:34+00:00<\/span><p class=\"post-excerpt\">Hoy como cualquier otro d\u00eda laboral me levant\u00e9, me prepar\u00e9, desayun\u00e9 y me dirig\u00ed a mi trabajo; escuche una noticia aterradora en la radio: hoy 15 de marzo,\u00a0 el gobierno declara el estado de alarma general en Espa\u00f1a por la pandemia mundial llamada Covid- 19; seg\u00fan el Ministerio de...<\/p>\n\t\t\t\t\n\t\t\t<\/div>\n\n\t\t\t<!-- Post meta after content -->\n\t\t\t\t<div class=\"post-meta\"><span class=\"meta-date\"><i class=\"far fa-calendar-alt\"><\/i>mayo 11, 2021<\/span><\/div><div class=\"post-meta\"><\/div>\n\t\t\t<div class=\"clearfix\">\n\t\t\t\t<a class=\"btn btn-xs btn-default text-xs text-uppercase\" href=\"https:\/\/menarilifecoach.com\/index.php\/2021\/05\/11\/un-dia-cualquiera-la-vida-nos-ha-cambiado\/\">Read more...<\/a>\n\t\t\t<\/div>\n\t\t\t<\/article>\n\n\t\n\t\t\t\t<\/div>\n\t\t\t<\/section>\n\t\t<\/div>\n\n\t\n\t\n\t<\/div>\t\t<\/div>\n\t\t\t\t<\/div>\n\t\t\t\t\t<\/div>\n\t\t<\/div>\n\t\t\t\t\t\t<\/div>\r\n\t\t\t\t<\/section>\r\n\t\t\t\t\t\t<\/div>\n\t\t\t\t\t<\/div>\n\t\t","protected":false},"excerpt":{"rendered":"<p>mayo 2021 La importancia de la Inteligencia emocional en el sector funerario. adminJavi2021-05-11T11:26:39+00:00 Algunos de ustedes os sentir\u00e9is\u00a0 familiarizados al escuchar el termino\u00a0Inteligencia Emocional, pues para aquellos que no hoy yo les quiero explicar un poquito en qu\u00e9 consiste la inteligencia emocional y lo importante que \u00e9sta es para el sector funerario. Primero haremos un [&hellip;]<\/p>\n","protected":false},"author":1,"featured_media":0,"parent":0,"menu_order":0,"comment_status":"closed","ping_status":"closed","template":"","meta":[],"_links":{"self":[{"href":"https:\/\/menarilifecoach.com\/index.php\/wp-json\/wp\/v2\/pages\/132"}],"collection":[{"href":"https:\/\/menarilifecoach.com\/index.php\/wp-json\/wp\/v2\/pages"}],"about":[{"href":"https:\/\/menarilifecoach.com\/index.php\/wp-json\/wp\/v2\/types\/page"}],"author":[{"embeddable":true,"href":"https:\/\/menarilifecoach.com\/index.php\/wp-json\/wp\/v2\/users\/1"}],"replies":[{"embeddable":true,"href":"https:\/\/menarilifecoach.com\/index.php\/wp-json\/wp\/v2\/comments?post=132"}],"version-history":[{"count":4,"href":"https:\/\/menarilifecoach.com\/index.php\/wp-json\/wp\/v2\/pages\/132\/revisions"}],"predecessor-version":[{"id":481,"href":"https:\/\/menarilifecoach.com\/index.php\/wp-json\/wp\/v2\/pages\/132\/revisions\/481"}],"wp:attachment":[{"href":"https:\/\/menarilifecoach.com\/index.php\/wp-json\/wp\/v2\/media?parent=132"}],"curies":[{"name":"wp","href":"https:\/\/api.w.org\/{rel}","templated":true}]}}